{"id":93,"date":"2019-08-19T19:35:12","date_gmt":"2019-08-19T19:35:12","guid":{"rendered":"http:\/\/cech-wieliczka.pl\/?page_id=93"},"modified":"2023-03-20T07:56:23","modified_gmt":"2023-03-20T07:56:23","slug":"refundacja","status":"publish","type":"page","link":"http:\/\/cech-wieliczka.pl\/?page_id=93","title":{"rendered":"Refundacja i dofinansowanie"},"content":{"rendered":"\n<p>Informacje dotycz\u0105ce refundacji znajd\u0105 Pa\u0144stwo na stronie Ma\u0142opolskiej Wojew\u00f3dzkiej Komendy Ochotniczych Hufc\u00f3w Pracy -&gt;<a rel=\"noreferrer noopener\" href=\"https:\/\/malopolska.ohp.pl\/pl\/476\/0\/refundacja.html\" target=\"_blank\">https:\/\/malopolska.ohp.pl\/pl\/476\/0\/refundacja.html <\/a><\/p>\n\n\n\n<p><\/p>\n\n\n\n<h2>D<em>ofinansowanie pracodawcom koszt\u00f3w kszta\u0142cenia m\u0142odocianych pracownik\u00f3w w ramach \u015brodk\u00f3w Funduszu Pracy w roku 2023<\/em><\/h2>\n\n\n\n<p>Do pobrania:<\/p>\n\n\n\n<ul><li><a href=\"https:\/\/kuratorium.krakow.pl\/wp-content\/uploads\/2023\/02\/pismo-malopolskiego-kuratora-oswiaty-w-sprawie-zawierania-umow-z-gminami-wojewodztwa-malopolskiego-1.pdf\">pismo Ma\u0142opolskiego Kuratora O\u015bwiaty w sprawie zawierania um\u00f3w z gminami wojew\u00f3dztwa ma\u0142opolskiego<\/a><\/li><\/ul>\n\n\n\n<p>za\u0142\u0105czniki:<\/p>\n\n\n\n<ul><li><a href=\"https:\/\/kuratorium.krakow.pl\/wp-content\/uploads\/2023\/02\/wzor-wniosku-o-zawarcie-umowy-w-sprawie-trybu-przekazywania-do-gminy-w-2023-r.-srodkow-funduszu-pracy.docx\">wz\u00f3r wniosku o zawarcie umowy w sprawie trybu przekazywania do gminy w 2023 r. \u015brodk\u00f3w Funduszu Pracy (za\u0142\u0105cznik do edycji)<\/a><\/li><li><a href=\"https:\/\/kuratorium.krakow.pl\/wp-content\/uploads\/2023\/03\/wzor-umowy-w-sprawie-trybu-przekazywania-do-gminy-w-2023-r.-srodkow-funduszu-pracy-oraz-ich-rozliczania-z-przeznaczeniem-na-dofinansowanie-pracodawcom-kosztow-ksztalcenia-mlodocianych-pracownikow.doc\">wz\u00f3r umowy w sprawie trybu przekazywania do gminy w 2023 r. \u015brodk\u00f3w Funduszu Pracy oraz ich rozliczania z przeznaczeniem na dofinansowanie pracodawcom koszt\u00f3w kszta\u0142cenia m\u0142odocianych pracownik\u00f3w (za\u0142\u0105cznik do edycji)<\/a><\/li><li><a href=\"https:\/\/kuratorium.krakow.pl\/wp-content\/uploads\/2023\/02\/wzor-sprawozdania-miesiecznego-wydatkowanych-srodkow-funduszu-pracy-przeznaczonych-na-dofinansowanie-pracodawcom-kosztow-ksztalcenia-mlodocianych-pracownikow-w-roku-2023.xlsx\">wz\u00f3r sprawozdania miesi\u0119cznego wydatkowanych \u015brodk\u00f3w Funduszu Pracy przeznaczonych na dofinansowanie pracodawcom koszt\u00f3w kszta\u0142cenia m\u0142odocianych pracownik\u00f3w w roku 2023 (za\u0142\u0105cznik do edycji)<\/a><\/li><\/ul>\n\n\n\n<p><strong>Informacje dot. dofinansowania pochodz\u0105 ze strony internetowej Kuratorium o\u015bwiaty w Krakowie<\/strong>: <\/p>\n\n\n\n<h2><a href=\"https:\/\/kuratorium.krakow.pl\/dofinansowanie-pracodawcom-kosztow-ksztalcenia-mlodocianych-pracownikow-w-ramach-srodkow-funduszu-pracy-w-roku-2023\/\" data-type=\"URL\" data-id=\"https:\/\/kuratorium.krakow.pl\/dofinansowanie-pracodawcom-kosztow-ksztalcenia-mlodocianych-pracownikow-w-ramach-srodkow-funduszu-pracy-w-roku-2023\/\" target=\"_blank\" rel=\"noreferrer noopener\">https:\/\/kuratorium.krakow.pl\/dofinansowanie-pracodawcom-kosztow-ksztalcenia-mlodocianych-pracownikow-w-ramach-srodkow-funduszu-pracy-w-roku-2023\/<\/a><\/h2>\n","protected":false},"excerpt":{"rendered":"<p>Informacje dotycz\u0105ce refundacji znajd\u0105 Pa\u0144stwo na stronie Ma\u0142opolskiej Wojew\u00f3dzkiej Komendy Ochotniczych Hufc\u00f3w Pracy -&gt;https:\/\/malopolska.ohp.pl\/pl\/476\/0\/refundacja.html Dofinansowanie pracodawcom koszt\u00f3w kszta\u0142cenia m\u0142odocianych pracownik\u00f3w w ramach \u015brodk\u00f3w Funduszu Pracy w roku 2023 Do pobrania: pismo Ma\u0142opolskiego Kuratora O\u015bwiaty w sprawie zawierania um\u00f3w z gminami [&hellip;]<\/p>\n","protected":false},"author":1,"featured_media":0,"parent":0,"menu_order":0,"comment_status":"closed","ping_status":"closed","template":"","meta":[],"_links":{"self":[{"href":"http:\/\/cech-wieliczka.pl\/index.php?rest_route=\/wp\/v2\/pages\/93"}],"collection":[{"href":"http:\/\/cech-wieliczka.pl\/index.php?rest_route=\/wp\/v2\/pages"}],"about":[{"href":"http:\/\/cech-wieliczka.pl\/index.php?rest_route=\/wp\/v2\/types\/page"}],"author":[{"embeddable":true,"href":"http:\/\/cech-wieliczka.pl\/index.php?rest_route=\/wp\/v2\/users\/1"}],"replies":[{"embeddable":true,"href":"http:\/\/cech-wieliczka.pl\/index.php?rest_route=%2Fwp%2Fv2%2Fcomments&post=93"}],"version-history":[{"count":4,"href":"http:\/\/cech-wieliczka.pl\/index.php?rest_route=\/wp\/v2\/pages\/93\/revisions"}],"predecessor-version":[{"id":821,"href":"http:\/\/cech-wieliczka.pl\/index.php?rest_route=\/wp\/v2\/pages\/93\/revisions\/821"}],"wp:attachment":[{"href":"http:\/\/cech-wieliczka.pl\/index.php?rest_route=%2Fwp%2Fv2%2Fmedia&parent=93"}],"curies":[{"name":"wp","href":"https:\/\/api.w.org\/{rel}","templated":true}]}}