{"id":85,"date":"2019-08-19T19:17:38","date_gmt":"2019-08-19T19:17:38","guid":{"rendered":"http:\/\/cech-wieliczka.pl\/?page_id=85"},"modified":"2023-03-20T07:47:51","modified_gmt":"2023-03-20T07:47:51","slug":"czlonkowie-komisji-malopolskiej-izby-rzemiosla-i-przedsiebiorczosci-w-krakowie","status":"publish","type":"page","link":"http:\/\/cech-wieliczka.pl\/?page_id=85","title":{"rendered":"Cz\u0142onkowie Komisji Ma\u0142opolskiej Izby Rzemios\u0142a i Przedsi\u0119biorczo\u015bci w Krakowie"},"content":{"rendered":"\n<figure class=\"wp-block-table\"><table><tbody><tr><td><strong>Komisja Samorz\u0105dowo-Organizacyjna<\/strong><\/td><td>Les\u0142aw Orzechowski<\/td><\/tr><tr><td><strong>Komisja Remontowo-Maj\u0105tkowa<\/strong><\/td><td>Piotr Ptak<\/td><\/tr><tr><td><strong>Komisja Promocji Zarz\u0105du Izby<\/strong><\/td><td>Marek Laso\u0144<\/td><\/tr><tr><td><strong>Komisja Statutowa MIRIP<\/strong><\/td><td>Alicja Kostecka<\/td><\/tr><tr><td><strong>Komisja Egzaminacyjna w zawodzie jubiler<\/strong><\/td><td>Grzegorz \u0141okas<\/td><\/tr><tr><td><strong>Komisja Egzaminacyjna w zawodzie elektromechanik pojazd\u00f3w samochodowych<\/strong><\/td><td>Kazimierz Nowak<\/td><\/tr><tr><td><strong>Komisja Egzaminacyjna w zawodach lakiernik, blacharz samochodowy<\/strong><\/td><td>Bogus\u0142aw Bu\u0142at<\/td><\/tr><tr><td><strong>Komisja Egzaminacyjna w zawodzie elektryk<\/strong><\/td><td>Piotr Ptak<\/td><\/tr><tr><td><strong>Komisja Egzaminacyjna w zawodzie stolarz<\/strong><\/td><td>Marek Skrzypiec, S\u0142awomir Pi\u0105tek<\/td><\/tr><tr><td><strong>Komisja Egzaminacyjna w zawodzie tapicer<\/strong><\/td><td>Mariusz Sosnowski<\/td><\/tr><tr><td><strong>Komisja Egzaminacyjna w zawodzie monter sieci, instalacji, urz\u0105dze\u0144 gazowych i sanitarnych<\/strong><\/td><td>Jacek Wo\u017aniak<\/td><\/tr><tr><td><strong>Komisja Egzaminacyjna w zawodzie piekarz<\/strong><\/td><td>Adam Dziadur<\/td><\/tr><tr><td><strong>Komisja Egzaminacyjna w zawodzie fryzjer<\/strong><\/td><td>Renata Pipper<\/td><\/tr><tr><td><strong>Komisja Egzaminacyjna w zawodzie monter instalacji i urz\u0105dze\u0144 sanitarnych<\/strong><\/td><td>Jacek Wo\u017aniak<\/td><\/tr><tr><td><strong>Komisja Egzaminacyjna w zawodzie \u015blusarz<\/strong><\/td><td>Marcin Grabka<\/td><\/tr><\/tbody><\/table><\/figure>\n","protected":false},"excerpt":{"rendered":"<p>Komisja Samorz\u0105dowo-Organizacyjna Les\u0142aw Orzechowski Komisja Remontowo-Maj\u0105tkowa Piotr Ptak Komisja Promocji Zarz\u0105du Izby Marek Laso\u0144 Komisja Statutowa MIRIP Alicja Kostecka Komisja Egzaminacyjna w zawodzie jubiler Grzegorz \u0141okas Komisja Egzaminacyjna w zawodzie elektromechanik pojazd\u00f3w samochodowych Kazimierz Nowak Komisja Egzaminacyjna w zawodach lakiernik, [&hellip;]<\/p>\n","protected":false},"author":1,"featured_media":0,"parent":0,"menu_order":0,"comment_status":"closed","ping_status":"closed","template":"","meta":[],"_links":{"self":[{"href":"http:\/\/cech-wieliczka.pl\/index.php?rest_route=\/wp\/v2\/pages\/85"}],"collection":[{"href":"http:\/\/cech-wieliczka.pl\/index.php?rest_route=\/wp\/v2\/pages"}],"about":[{"href":"http:\/\/cech-wieliczka.pl\/index.php?rest_route=\/wp\/v2\/types\/page"}],"author":[{"embeddable":true,"href":"http:\/\/cech-wieliczka.pl\/index.php?rest_route=\/wp\/v2\/users\/1"}],"replies":[{"embeddable":true,"href":"http:\/\/cech-wieliczka.pl\/index.php?rest_route=%2Fwp%2Fv2%2Fcomments&post=85"}],"version-history":[{"count":2,"href":"http:\/\/cech-wieliczka.pl\/index.php?rest_route=\/wp\/v2\/pages\/85\/revisions"}],"predecessor-version":[{"id":817,"href":"http:\/\/cech-wieliczka.pl\/index.php?rest_route=\/wp\/v2\/pages\/85\/revisions\/817"}],"wp:attachment":[{"href":"http:\/\/cech-wieliczka.pl\/index.php?rest_route=%2Fwp%2Fv2%2Fmedia&parent=85"}],"curies":[{"name":"wp","href":"https:\/\/api.w.org\/{rel}","templated":true}]}}